{"id":50,"date":"2017-10-16T20:28:08","date_gmt":"2017-10-16T20:28:08","guid":{"rendered":"http:\/\/fksarajevo-stuttgart.de\/?page_id=50"},"modified":"2017-10-16T21:46:47","modified_gmt":"2017-10-16T21:46:47","slug":"historijageshichte","status":"publish","type":"page","link":"https:\/\/fksarajevo-stuttgart.de\/?page_id=50","title":{"rendered":"Historija\/Geschichte"},"content":{"rendered":"<p>Pri\u010da o FK Sarajevo Stuttgart \/ die Geschichte des FK Sarajevo Stuttgart<\/p>\n<p>Te\u0161ko je s malo rije\u010di opisati \u017eivotni put ove sportske udruge izvan Bosne. Njeno osnivanje, razvojni put od samog osnivanja sredinom 1977. godine pa do danas. No kako re\u010de Me\u0161a Selimovi\u0107: &#8222;Po\u010dinjem ovu svoju pri\u010du niza\u0161to&#8230; da ostane zapis&#8230;&#8220; Vi\u0161e od \u010detvrt stolje\u0107a izvan domovine dugo je razdoblje. Ako se, me\u0111utim, ima u vidu \u010dinjenica da je klub nastao i djelovao (i jo\u0161 uvijek djeluje) izvan granice domovine, onda \u0107e to imati posebno zna\u010denje. Jer, tridesetdevet godina izvan matice domovine ima i posebne te\u017ei\u0161te. Prije 39 godina, 1977. osnovan je fudbalski klub Sarajevo iz Stuttgarta, u kafani &#8222;Kod Bosanca&#8220; koja se nalazila u Stuttgartu na Nordbahnhofu. Vlasnici kafane su bila bra\u0107a Kudi\u0107. Tada je za predsjednika izabrana \u017eena jednog od vlasnika kafane, Ankica Kudi\u0107. To je bila supruga Smaje Kudi\u0107, jednog od vlasnika kafane. To je bila prva \u017eena predsjednik ujedno i posljedna \u017eena na funkciji F.K. Sarajeva. Pri osnivanju klub je brojao 18 \u010dlanova \u0161to igra\u010da i uprave. \u010clanovi tada osnovanog kluba bili su: Kudi\u0107 Ankica, Kudi\u0107 Smajo, Kudi\u0107 Esad, Me\u0161ovi\u0107 Alija, Kanuri\u0107 Hazim, Kadiri\u0107 Mensur, Bu\u010dan Jusuf, Kanuri\u0107 Midhat, \u010causevi\u0107 Rasim, \u0106elebi\u0107 Husein, Efendi\u0107 Rifat, Musanovi\u0107 Hamdija, Koji\u0107 Dragan i Kurti\u0107 Huso (u arhivi kluba zapisana su nepotpuna imena jo\u0161 trojice \u010dlanova: Panovi\u0107, Ferid i Jozo). Tada novo osnovani Klub dobija Teren za odigravanje utakmica nedaleko od Stuttgarta u mjestu Bernhausenu. Tada su klubovi stranih sugra\u0111ana, odnosno gra\u0111ani biv\u0161e Jugoslavije bili svrstani u Jugo ligu.<\/p>\n<p>Es ist schwierig den Lebensweg dieses Fu\u00dfballvereins, der au\u00dferhalb Bosniens gegr\u00fcndet wurde, in wenige Worte zu fassen. Das gilt f\u00fcr die eigentliche Gr\u00fcndung Mitte des Jahres 1977., den Entwicklungsprozess seit jeher und f\u00fcr die Gegenwart. Fast 4 Jahrzehnte au\u00dferhalb der heimischen Grenze ist eine lange Zeit. N\u00e4chstes Jahr feiert der Verein sein 40-j\u00e4hriges Jubil\u00e4um. Diese Leistung kann man nicht hoch genug einsch\u00e4tzen wenn man bedenkt, dass der Verein au\u00dferhalb der heimischen Grenze gegr\u00fcndet wurde und t\u00e4tig war und das noch bis heute ist. Vor 39 Jahren, 1977. wurde der FK Sarajevo Stuttgart in der Gastst\u00e4tte \u201eKod Bosanca\u201c (\u00fcbers. \u201eBeim Bosnier\u201c) , die sich am Nordbahnhof befand, gegr\u00fcndet. Die Inhaber der Gastst\u00e4tte waren die Br\u00fcder Kudi\u0107. Damals wurde Frau Ankica Kudi\u0107, die Frau eines der Inhaber (Smajo Kudi\u0107), als Pr\u00e4sidentin ausgew\u00e4hlt. Der Verein hatte 18 Gr\u00fcndungsmitglieder, darunter Spieler und Vorstand. Die Mitglieder damals waren: Kudi\u0107 Ankica, Kudi\u0107 Smajo, Kudi\u0107 Esad, Me\u0161ovi\u0107 Alija, Kanuri\u0107 Hazim, Kadiri\u0107 Mensur, Bu\u010dan Jusuf, Kanuri\u0107 Midhat, \u010causevic Rasim, \u0106elebic Husein, Efendi\u0107 Rifat, Mu\u0161anovi\u0107 Hamdija, Koji\u0107 Dragan i Kurti\u0107 Huso (in den Dokumenten des Vereines werden noch drei unvollst\u00e4ndige Namen erw\u00e4hnt: Panovi\u0107, Ferid und Jozo). Der Verein trug seine Spiele in Bernhausen aus und nahm an der damaligen Jugoliga teil, die auch vom w\u00fcrttembergischen Fu\u00dfballverband aufgenommen wurde.<\/p>\n","protected":false},"excerpt":{"rendered":"<p>Pri\u010da o FK Sarajevo Stuttgart \/ die Geschichte des FK Sarajevo Stuttgart Te\u0161ko je s malo rije\u010di opisati \u017eivotni put&#46;&#46;&#46;<\/p>\n","protected":false},"author":1,"featured_media":0,"parent":0,"menu_order":0,"comment_status":"closed","ping_status":"closed","template":"","meta":[],"_links":{"self":[{"href":"https:\/\/fksarajevo-stuttgart.de\/index.php?rest_route=\/wp\/v2\/pages\/50"}],"collection":[{"href":"https:\/\/fksarajevo-stuttgart.de\/index.php?rest_route=\/wp\/v2\/pages"}],"about":[{"href":"https:\/\/fksarajevo-stuttgart.de\/index.php?rest_route=\/wp\/v2\/types\/page"}],"author":[{"embeddable":true,"href":"https:\/\/fksarajevo-stuttgart.de\/index.php?rest_route=\/wp\/v2\/users\/1"}],"replies":[{"embeddable":true,"href":"https:\/\/fksarajevo-stuttgart.de\/index.php?rest_route=%2Fwp%2Fv2%2Fcomments&post=50"}],"version-history":[{"count":3,"href":"https:\/\/fksarajevo-stuttgart.de\/index.php?rest_route=\/wp\/v2\/pages\/50\/revisions"}],"predecessor-version":[{"id":105,"href":"https:\/\/fksarajevo-stuttgart.de\/index.php?rest_route=\/wp\/v2\/pages\/50\/revisions\/105"}],"wp:attachment":[{"href":"https:\/\/fksarajevo-stuttgart.de\/index.php?rest_route=%2Fwp%2Fv2%2Fmedia&parent=50"}],"curies":[{"name":"wp","href":"https:\/\/api.w.org\/{rel}","templated":true}]}}